{"id":67,"date":"2018-08-10T08:09:30","date_gmt":"2018-08-10T08:09:30","guid":{"rendered":"https:\/\/otaharin.org\/?page_id=67"},"modified":"2023-06-26T12:21:53","modified_gmt":"2023-06-26T12:21:53","slug":"projekti","status":"publish","type":"page","link":"https:\/\/otaharin.org\/?page_id=67","title":{"rendered":"Projekti i usluge"},"content":{"rendered":"\t\t<div data-elementor-type=\"wp-post\" data-elementor-id=\"67\" class=\"elementor elementor-67\">\n\t\t\t\t\t\t\t\t\t<section class=\"elementor-section elementor-top-section elementor-element elementor-element-8086a04 elementor-section-boxed elementor-section-height-default elementor-section-height-default\" data-id=\"8086a04\" data-element_type=\"section\">\n\t\t\t\t\t\t<div class=\"elementor-container elementor-column-gap-default\">\n\t\t\t\t\t<div class=\"aux-parallax-section elementor-column elementor-col-100 elementor-top-column elementor-element elementor-element-2b2705d\" data-id=\"2b2705d\" data-element_type=\"column\">\n\t\t\t<div class=\"elementor-widget-wrap elementor-element-populated\">\n\t\t\t\t\t\t\t\t<div class=\"elementor-element elementor-element-01e7555 elementor-widget elementor-widget-bdt-post-grid-tab\" data-id=\"01e7555\" data-element_type=\"widget\" data-settings=\"{&quot;element_pack_widget_tooltip_text&quot;:&quot;This is Tooltip&quot;,&quot;element_pack_widget_tooltip&quot;:&quot;yes&quot;,&quot;element_pack_widget_tooltip_placement&quot;:&quot;top-start&quot;,&quot;element_pack_widget_tooltip_animation&quot;:&quot;scale&quot;,&quot;element_pack_widget_tooltip_x_offset&quot;:{&quot;unit&quot;:&quot;px&quot;,&quot;size&quot;:&quot;&quot;,&quot;sizes&quot;:[]},&quot;element_pack_widget_tooltip_y_offset&quot;:{&quot;unit&quot;:&quot;px&quot;,&quot;size&quot;:&quot;&quot;,&quot;sizes&quot;:[]}}\" data-widget_type=\"bdt-post-grid-tab.default\">\n\t\t\t\t<div class=\"elementor-widget-container\">\n\t\t\t\t\t<div class=\"bdt-post-grid-tab bdt-post-grid-tab-skin-default\" data-settings=\"{&quot;grid&quot;:&quot;4&quot;,&quot;borderWidth&quot;:10,&quot;config&quot;:{&quot;layout&quot;:&quot;tab&quot;,&quot;activeTab&quot;:0,&quot;showClose&quot;:true,&quot;showArrows&quot;:false},&quot;responsive&quot;:[{&quot;breakpoint&quot;:767,&quot;settings&quot;:{&quot;grid&quot;:null}},{&quot;breakpoint&quot;:480,&quot;settings&quot;:{&quot;grid&quot;:&quot;1&quot;}}]}\">\n\t\t\t\t\t<dl id=\"bdt-post-grid-tab-01e7555\" class=\"gridtab\">\n\t\t\t    \t\t<dt>\n\t\t\t<div class=\"bdt-post-grid-tab-title\">Romski festval Baro drom &#8211; prvi romski festival u Bijeljini<\/div>\t\t<\/dt>\n\t\t<dd>\t\t<div data-bdt-grid=\"\" class=\"bdt-post-grid-tab-item bdt-grid bdt-grid-collapse bdt-child-width-1-2@m\">\n\t\t\t\t\t\t\t\t\t\t\t\n\t\t\t\t\t\t<div class=\"bdt-post-grid-tab-image\">\n\t\t\t<div class=\"bdt-post-grid-tab-image-inner bdt-gt-mh bdt-cover-container\">\n\t\t\t\t<img decoding=\"async\" class=\"full\" src=\"https:\/\/otaharin.org\/wp-content\/uploads\/2023\/06\/BARO-DROM-Festival-2022-3-scaled.jpg\" alt=\"Romski festval Baro drom &#8211; prvi romski festival u Bijeljini\" >\n\t\t\t<\/div>\n\t\t<\/div>\n\t\t\t\t\t \t\t\n\t  \t\t<div class=\"bdt-post-grid-tab-desc\">\n\t  \t\t\t<div class=\"bdt-post-grid-desc-inner bdt-gt-mh\">\n\t\t\t\t\t\t\t<a href=\"https:\/\/otaharin.org\/?p=1597\">\n\t\t\t<h3 class=\"bdt-post-grid-tab-item-title bdt-margin-remove\">\n\t\t\t\tRomski festval Baro drom &#8211; prvi romski festival u Bijeljini\t\t\t<\/h3>\n\t\t<\/a>\n\t\t\n\t            \t\t\t\t\t\t\t<div class=\"bdt-post-grid-tab-meta bdt-subnav bdt-flex-middle bdt-margin-small-top\">\n\t\t\t\t\t\t\t<span class=\"bdt-post-grid-tab-author bdt-text-capitalize\">otah<\/span>\t\t\t\t\t\t\t<span class=\"bdt-post-grid-tab-date\">June 28, 2023<\/span>\t\t\t\t\t\t\t    <span class=\"bdt-post-grid-tab-category\">\n\n\t\t\t<a href=\"https:\/\/otaharin.org\/?cat=13\">Projekti<\/a> <a href=\"https:\/\/otaharin.org\/?cat=42\">Projekti<\/a>\t\t<\/span>\n\t\t\t\t\t\t\t\t\t<span><i class=\"ep-icon-bubble bdt-display-inline-block\" aria-hidden=\"true\"><\/i> 0<\/span>\t\t\t\t\t\t<\/div>\n\t\t\t\t\t\n\t\t\t\t\t\t\t<div class=\"bdt-post-grid-tab-excerpt\">\n\t\t\t<p>BARO DROM Dobrodo\u0161li na slu\u017ebenu stranicu Centra za integrativnu inkluziju Roma i Romkinja Otaharin i Udru\u017eenja \u017eena \"Romkinja\"! Ponosno vam predstavljamo prvi romski festival na na\u0161im prostorima - BARO DROM. BARO DROM, \u0161to prevodi kao \"Dug put\", je jedinstveni festival na Zapadnom Balkanu posve\u0107en slavljenju<\/p>\n\t\t<\/div>\n\t\t\t\t\t\t\t\n\t\t<a href=\"https:\/\/otaharin.org\/?p=1597\" class=\"bdt-post-grid-tab-readmore bdt-display-inline-block \">\n\t\t\tRead More\t\t\t\n\t\t\t<span class=\"bdt-button-icon-align-right\">\n\n\t\t\t\t\n\t\t\t<\/span>\n\t\t<\/a>\n\t\t\t\t\t\t<\/div>\n\t\t\t<\/div>\n\t\t<\/div>\n\t\t<\/dd>\n\t\t\t\t<dt>\n\t\t\t<div class=\"bdt-post-grid-tab-title\">\u201cSystematic improvement of the social services in Bijeljina\u201d (IRIS MRE\u017dA)<\/div>\t\t<\/dt>\n\t\t<dd>\t\t<div data-bdt-grid=\"\" class=\"bdt-post-grid-tab-item bdt-grid bdt-grid-collapse bdt-child-width-1-2@m bdt-post-grid-tab-item bdt-grid bdt-grid-collapse bdt-child-width-1-2@m\">\n\t\t\t\t\t\t\t\t\t\t\t\n\t\t\t\t\t\t<div class=\"bdt-post-grid-tab-image\">\n\t\t\t<div class=\"bdt-post-grid-tab-image-inner bdt-gt-mh bdt-cover-container\">\n\t\t\t\t<img decoding=\"async\" class=\"full\" src=\"https:\/\/otaharin.org\/wp-content\/uploads\/2022\/11\/1655936_251642658347377_2045535029_n.jpg\" alt=\"\u201cSystematic improvement of the social services in Bijeljina\u201d (IRIS MRE\u017dA)\" >\n\t\t\t<\/div>\n\t\t<\/div>\n\t\t\t\t\t \t\t\n\t  \t\t<div class=\"bdt-post-grid-tab-desc\">\n\t  \t\t\t<div class=\"bdt-post-grid-desc-inner bdt-gt-mh\">\n\t\t\t\t\t\t\t<a href=\"https:\/\/otaharin.org\/?p=1097\">\n\t\t\t<h3 class=\"bdt-post-grid-tab-item-title bdt-margin-remove\">\n\t\t\t\t\u201cSystematic improvement of the social services in Bijeljina\u201d (IRIS MRE\u017dA)\t\t\t<\/h3>\n\t\t<\/a>\n\t\t\n\t            \t\t\t\t\t\t\t<div class=\"bdt-post-grid-tab-meta bdt-subnav bdt-flex-middle bdt-margin-small-top\">\n\t\t\t\t\t\t\t<span class=\"bdt-post-grid-tab-author bdt-text-capitalize\">otah<\/span>\t\t\t\t\t\t\t<span class=\"bdt-post-grid-tab-date\">November 21, 2022<\/span>\t\t\t\t\t\t\t    <span class=\"bdt-post-grid-tab-category\">\n\n\t\t\t<a href=\"https:\/\/otaharin.org\/?cat=13\">Projekti<\/a>\t\t<\/span>\n\t\t\t\t\t\t\t\t\t<span><i class=\"ep-icon-bubble bdt-display-inline-block\" aria-hidden=\"true\"><\/i> 0<\/span>\t\t\t\t\t\t<\/div>\n\t\t\t\t\t\n\t\t\t\t\t\t\t<div class=\"bdt-post-grid-tab-excerpt\">\n\t\t\t<p>Cilj projekta je da, socijalno ranjive grupe, imaju bolji pristup socijalnim uslugama, gdje su one dostupne prvenstveno na lokalnom nivou, \u0161to je dirktno vezano i za stvaranja, promociju i implementaciju Akcionog plana za ja\u010danje socijalnih usluga u na\u0161oj lokalnoj zajednici. Tako\u0111e, projekat se bavi i<\/p>\n\t\t<\/div>\n\t\t\t\t\t\t\t\n\t\t<a href=\"https:\/\/otaharin.org\/?p=1097\" class=\"bdt-post-grid-tab-readmore bdt-display-inline-block \">\n\t\t\tRead More\t\t\t\n\t\t\t<span class=\"bdt-button-icon-align-right\">\n\n\t\t\t\t\n\t\t\t<\/span>\n\t\t<\/a>\n\t\t\t\t\t\t<\/div>\n\t\t\t<\/div>\n\t\t<\/div>\n\t\t<\/dd>\n\t\t\t\t<dt>\n\t\t\t<div class=\"bdt-post-grid-tab-title\">\u201cENVISION II \u2013 Kreiranje podr\u017eavaju\u0107eg okru\u017eenja za socijalnu inkluziju djece \u2013 faza II\/podr\u0161ka Dnevnim centrima\u201d (Save the children)<\/div>\t\t<\/dt>\n\t\t<dd>\t\t<div data-bdt-grid=\"\" class=\"bdt-post-grid-tab-item bdt-grid bdt-grid-collapse bdt-child-width-1-2@m bdt-post-grid-tab-item bdt-grid bdt-grid-collapse bdt-child-width-1-2@m bdt-post-grid-tab-item bdt-grid bdt-grid-collapse bdt-child-width-1-2@m\">\n\t\t\t\t\t\t\t\t\t\t\t\n\t\t\t\t\t\t<div class=\"bdt-post-grid-tab-image\">\n\t\t\t<div class=\"bdt-post-grid-tab-image-inner bdt-gt-mh bdt-cover-container\">\n\t\t\t\t<img decoding=\"async\" class=\"full\" src=\"https:\/\/otaharin.org\/wp-content\/uploads\/2022\/11\/WhatsApp-slika-2023-06-26-u-11.48.23.jpg\" alt=\"\u201cENVISION II \u2013 Kreiranje podr\u017eavaju\u0107eg okru\u017eenja za socijalnu inkluziju djece \u2013 faza II\/podr\u0161ka Dnevnim centrima\u201d (Save the children)\" >\n\t\t\t<\/div>\n\t\t<\/div>\n\t\t\t\t\t \t\t\n\t  \t\t<div class=\"bdt-post-grid-tab-desc\">\n\t  \t\t\t<div class=\"bdt-post-grid-desc-inner bdt-gt-mh\">\n\t\t\t\t\t\t\t<a href=\"https:\/\/otaharin.org\/?p=1095\">\n\t\t\t<h3 class=\"bdt-post-grid-tab-item-title bdt-margin-remove\">\n\t\t\t\t\u201cENVISION II \u2013 Kreiranje podr\u017eavaju\u0107eg okru\u017eenja za socijalnu inkluziju djece \u2013 faza II\/podr\u0161ka Dnevnim centrima\u201d (Save the children)\t\t\t<\/h3>\n\t\t<\/a>\n\t\t\n\t            \t\t\t\t\t\t\t<div class=\"bdt-post-grid-tab-meta bdt-subnav bdt-flex-middle bdt-margin-small-top\">\n\t\t\t\t\t\t\t<span class=\"bdt-post-grid-tab-author bdt-text-capitalize\">otah<\/span>\t\t\t\t\t\t\t<span class=\"bdt-post-grid-tab-date\">November 21, 2022<\/span>\t\t\t\t\t\t\t    <span class=\"bdt-post-grid-tab-category\">\n\n\t\t\t<a href=\"https:\/\/otaharin.org\/?cat=13\">Projekti<\/a>\t\t<\/span>\n\t\t\t\t\t\t\t\t\t<span><i class=\"ep-icon-bubble bdt-display-inline-block\" aria-hidden=\"true\"><\/i> 0<\/span>\t\t\t\t\t\t<\/div>\n\t\t\t\t\t\n\t\t\t\t\t\t\t<div class=\"bdt-post-grid-tab-excerpt\">\n\t\t\t<p>U samom nazivu projekta imamo i jasno definisan cilj, a to je kreiranje podr\u017eavaju\u0107eg okru\u017eenja za socijalnu inkluziju djece. Korisnici projekta su i djeca, ali i odrasli koji su tako\u0111e uklju\u010deni kroz ovaj projekat, odnosno kroz model pru\u017eanja kompletnih usluga Dnevnog centra i kroz rad<\/p>\n\t\t<\/div>\n\t\t\t\t\t\t\t\n\t\t<a href=\"https:\/\/otaharin.org\/?p=1095\" class=\"bdt-post-grid-tab-readmore bdt-display-inline-block \">\n\t\t\tRead More\t\t\t\n\t\t\t<span class=\"bdt-button-icon-align-right\">\n\n\t\t\t\t\n\t\t\t<\/span>\n\t\t<\/a>\n\t\t\t\t\t\t<\/div>\n\t\t\t<\/div>\n\t\t<\/div>\n\t\t<\/dd>\n\t\t\t\t<dt>\n\t\t\t<div class=\"bdt-post-grid-tab-title\">Combating all forms of modern slavery with systematic protecton of Roma girsl and boys (UN Voluntary Trust Fund)<\/div>\t\t<\/dt>\n\t\t<dd>\t\t<div data-bdt-grid=\"\" class=\"bdt-post-grid-tab-item bdt-grid bdt-grid-collapse bdt-child-width-1-2@m bdt-post-grid-tab-item bdt-grid bdt-grid-collapse bdt-child-width-1-2@m bdt-post-grid-tab-item bdt-grid bdt-grid-collapse bdt-child-width-1-2@m bdt-post-grid-tab-item bdt-grid bdt-grid-collapse bdt-child-width-1-2@m\">\n\t\t\t\t\t\t\t\t\t\t\t\n\t\t\t\t\t\t<div class=\"bdt-post-grid-tab-image\">\n\t\t\t<div class=\"bdt-post-grid-tab-image-inner bdt-gt-mh bdt-cover-container\">\n\t\t\t\t<img decoding=\"async\" class=\"full\" src=\"https:\/\/otaharin.org\/wp-content\/uploads\/2022\/11\/UN_emblem_blue.svg.png\" alt=\"Combating all forms of modern slavery with systematic protecton of Roma girsl and boys (UN Voluntary Trust Fund)\" >\n\t\t\t<\/div>\n\t\t<\/div>\n\t\t\t\t\t \t\t\n\t  \t\t<div class=\"bdt-post-grid-tab-desc\">\n\t  \t\t\t<div class=\"bdt-post-grid-desc-inner bdt-gt-mh\">\n\t\t\t\t\t\t\t<a href=\"https:\/\/otaharin.org\/?p=1093\">\n\t\t\t<h3 class=\"bdt-post-grid-tab-item-title bdt-margin-remove\">\n\t\t\t\tCombating all forms of modern slavery with systematic protecton of Roma girsl and boys (UN Voluntary Trust Fund)\t\t\t<\/h3>\n\t\t<\/a>\n\t\t\n\t            \t\t\t\t\t\t\t<div class=\"bdt-post-grid-tab-meta bdt-subnav bdt-flex-middle bdt-margin-small-top\">\n\t\t\t\t\t\t\t<span class=\"bdt-post-grid-tab-author bdt-text-capitalize\">otah<\/span>\t\t\t\t\t\t\t<span class=\"bdt-post-grid-tab-date\">November 21, 2022<\/span>\t\t\t\t\t\t\t    <span class=\"bdt-post-grid-tab-category\">\n\n\t\t\t<a href=\"https:\/\/otaharin.org\/?cat=13\">Projekti<\/a>\t\t<\/span>\n\t\t\t\t\t\t\t\t\t<span><i class=\"ep-icon-bubble bdt-display-inline-block\" aria-hidden=\"true\"><\/i> 0<\/span>\t\t\t\t\t\t<\/div>\n\t\t\t\t\t\n\t\t\t\t\t\t\t<div class=\"bdt-post-grid-tab-excerpt\">\n\t\t\t\t\t<\/div>\n\t\t\t\t\t\t\t\n\t\t<a href=\"https:\/\/otaharin.org\/?p=1093\" class=\"bdt-post-grid-tab-readmore bdt-display-inline-block \">\n\t\t\tRead More\t\t\t\n\t\t\t<span class=\"bdt-button-icon-align-right\">\n\n\t\t\t\t\n\t\t\t<\/span>\n\t\t<\/a>\n\t\t\t\t\t\t<\/div>\n\t\t\t<\/div>\n\t\t<\/div>\n\t\t<\/dd>\n\t\t\t\t<dt>\n\t\t\t<div class=\"bdt-post-grid-tab-title\">Romani women, Power of Change in the Western Balkans and Turkey (RAA)<\/div>\t\t<\/dt>\n\t\t<dd>\t\t<div data-bdt-grid=\"\" class=\"bdt-post-grid-tab-item bdt-grid bdt-grid-collapse bdt-child-width-1-2@m bdt-post-grid-tab-item bdt-grid bdt-grid-collapse bdt-child-width-1-2@m bdt-post-grid-tab-item bdt-grid bdt-grid-collapse bdt-child-width-1-2@m bdt-post-grid-tab-item bdt-grid bdt-grid-collapse bdt-child-width-1-2@m bdt-post-grid-tab-item bdt-grid bdt-grid-collapse bdt-child-width-1-2@m\">\n\t\t\t\t\t\t\t\t\t\t\t\n\t\t\t\t\t\t<div class=\"bdt-post-grid-tab-image\">\n\t\t\t<div class=\"bdt-post-grid-tab-image-inner bdt-gt-mh bdt-cover-container\">\n\t\t\t\t<img decoding=\"async\" class=\"full\" src=\"https:\/\/otaharin.org\/wp-content\/uploads\/2023\/04\/WhatsApp-slika-2023-04-07-u-14.02.0996.jpg\" alt=\"Romani women, Power of Change in the Western Balkans and Turkey (RAA)\" >\n\t\t\t<\/div>\n\t\t<\/div>\n\t\t\t\t\t \t\t\n\t  \t\t<div class=\"bdt-post-grid-tab-desc\">\n\t  \t\t\t<div class=\"bdt-post-grid-desc-inner bdt-gt-mh\">\n\t\t\t\t\t\t\t<a href=\"https:\/\/otaharin.org\/?p=1091\">\n\t\t\t<h3 class=\"bdt-post-grid-tab-item-title bdt-margin-remove\">\n\t\t\t\tRomani women, Power of Change in the Western Balkans and Turkey (RAA)\t\t\t<\/h3>\n\t\t<\/a>\n\t\t\n\t            \t\t\t\t\t\t\t<div class=\"bdt-post-grid-tab-meta bdt-subnav bdt-flex-middle bdt-margin-small-top\">\n\t\t\t\t\t\t\t<span class=\"bdt-post-grid-tab-author bdt-text-capitalize\">otah<\/span>\t\t\t\t\t\t\t<span class=\"bdt-post-grid-tab-date\">November 21, 2022<\/span>\t\t\t\t\t\t\t    <span class=\"bdt-post-grid-tab-category\">\n\n\t\t\t<a href=\"https:\/\/otaharin.org\/?cat=13\">Projekti<\/a> <a href=\"https:\/\/otaharin.org\/?cat=42\">Projekti<\/a>\t\t<\/span>\n\t\t\t\t\t\t\t\t\t<span><i class=\"ep-icon-bubble bdt-display-inline-block\" aria-hidden=\"true\"><\/i> 0<\/span>\t\t\t\t\t\t<\/div>\n\t\t\t\t\t\n\t\t\t\t\t\t\t<div class=\"bdt-post-grid-tab-excerpt\">\n\t\t\t<p>Op\u0161ti cilj ovog projetka direktno je okrenut kad ja\u010danju kapaciteta Romkinja kako bi u\u010destvovale u lakalnim i nacionalnim politikama i procesima dono\u0161enja odluka krot kontruktivne dijalogesa lokalnim i nacionalnim vlastima, da bi se dostigle promjene prema romskoj integraciji, nediskirimaniciji i ljudskim pravima. Tako\u0111e, projektom se<\/p>\n\t\t<\/div>\n\t\t\t\t\t\t\t\n\t\t<a href=\"https:\/\/otaharin.org\/?p=1091\" class=\"bdt-post-grid-tab-readmore bdt-display-inline-block \">\n\t\t\tRead More\t\t\t\n\t\t\t<span class=\"bdt-button-icon-align-right\">\n\n\t\t\t\t\n\t\t\t<\/span>\n\t\t<\/a>\n\t\t\t\t\t\t<\/div>\n\t\t\t<\/div>\n\t\t<\/div>\n\t\t<\/dd>\n\t\t\t\t<dt>\n\t\t\t<div class=\"bdt-post-grid-tab-title\">Integralni pristup kroz socijalnu inkluziju IASI \u2013 CARITAS<\/div>\t\t<\/dt>\n\t\t<dd>\t\t<div data-bdt-grid=\"\" class=\"bdt-post-grid-tab-item bdt-grid bdt-grid-collapse bdt-child-width-1-2@m bdt-post-grid-tab-item bdt-grid bdt-grid-collapse bdt-child-width-1-2@m bdt-post-grid-tab-item bdt-grid bdt-grid-collapse bdt-child-width-1-2@m bdt-post-grid-tab-item bdt-grid bdt-grid-collapse bdt-child-width-1-2@m bdt-post-grid-tab-item bdt-grid bdt-grid-collapse bdt-child-width-1-2@m bdt-post-grid-tab-item bdt-grid bdt-grid-collapse bdt-child-width-1-2@m\">\n\t\t\t\t\t\t\t\t\t\t\t\n\t\t\t\t\t\t<div class=\"bdt-post-grid-tab-image\">\n\t\t\t<div class=\"bdt-post-grid-tab-image-inner bdt-gt-mh bdt-cover-container\">\n\t\t\t\t<img decoding=\"async\" class=\"full\" src=\"https:\/\/otaharin.org\/wp-content\/uploads\/2022\/11\/download.png\" alt=\"Integralni pristup kroz socijalnu inkluziju IASI \u2013 CARITAS\" >\n\t\t\t<\/div>\n\t\t<\/div>\n\t\t\t\t\t \t\t\n\t  \t\t<div class=\"bdt-post-grid-tab-desc\">\n\t  \t\t\t<div class=\"bdt-post-grid-desc-inner bdt-gt-mh\">\n\t\t\t\t\t\t\t<a href=\"https:\/\/otaharin.org\/?p=1089\">\n\t\t\t<h3 class=\"bdt-post-grid-tab-item-title bdt-margin-remove\">\n\t\t\t\tIntegralni pristup kroz socijalnu inkluziju IASI \u2013 CARITAS\t\t\t<\/h3>\n\t\t<\/a>\n\t\t\n\t            \t\t\t\t\t\t\t<div class=\"bdt-post-grid-tab-meta bdt-subnav bdt-flex-middle bdt-margin-small-top\">\n\t\t\t\t\t\t\t<span class=\"bdt-post-grid-tab-author bdt-text-capitalize\">otah<\/span>\t\t\t\t\t\t\t<span class=\"bdt-post-grid-tab-date\">November 21, 2022<\/span>\t\t\t\t\t\t\t    <span class=\"bdt-post-grid-tab-category\">\n\n\t\t\t<a href=\"https:\/\/otaharin.org\/?cat=13\">Projekti<\/a>\t\t<\/span>\n\t\t\t\t\t\t\t\t\t<span><i class=\"ep-icon-bubble bdt-display-inline-block\" aria-hidden=\"true\"><\/i> 0<\/span>\t\t\t\t\t\t<\/div>\n\t\t\t\t\t\n\t\t\t\t\t\t\t<div class=\"bdt-post-grid-tab-excerpt\">\n\t\t\t<p>Ekonomska, dru\u0161tvena i politi\u010dka uklju\u010denost posebno ranjivih i isklju\u010denih grupa umanjuju siroma\u0161tvo, ubla\u017eavaju pritisak migracija i na taj na\u010din pobolj\u0161avaju \u017eivotne uslove u lokalnim zajednicama, odnosno u Bijeljini i u Kaknju. Krajnji cilj projekta je da su najranjivije grupe bolje ekonomski osna\u017eene i dru\u0161tveno integrisane<\/p>\n\t\t<\/div>\n\t\t\t\t\t\t\t\n\t\t<a href=\"https:\/\/otaharin.org\/?p=1089\" class=\"bdt-post-grid-tab-readmore bdt-display-inline-block \">\n\t\t\tRead More\t\t\t\n\t\t\t<span class=\"bdt-button-icon-align-right\">\n\n\t\t\t\t\n\t\t\t<\/span>\n\t\t<\/a>\n\t\t\t\t\t\t<\/div>\n\t\t\t<\/div>\n\t\t<\/div>\n\t\t<\/dd>\n\t\t\t\t<dt>\n\t\t\t<div class=\"bdt-post-grid-tab-title\">Nijedno dijete bez za\u0161tite \u2013 unapre\u0111enje mehanizama za prevenciju trgovine djecom i za\u0161titu djece potencijalnih \u017ertava trgovine ljudima \u2013 USAID Inspire<\/div>\t\t<\/dt>\n\t\t<dd>\t\t<div data-bdt-grid=\"\" class=\"bdt-post-grid-tab-item bdt-grid bdt-grid-collapse bdt-child-width-1-2@m bdt-post-grid-tab-item bdt-grid bdt-grid-collapse bdt-child-width-1-2@m bdt-post-grid-tab-item bdt-grid bdt-grid-collapse bdt-child-width-1-2@m bdt-post-grid-tab-item bdt-grid bdt-grid-collapse bdt-child-width-1-2@m bdt-post-grid-tab-item bdt-grid bdt-grid-collapse bdt-child-width-1-2@m bdt-post-grid-tab-item bdt-grid bdt-grid-collapse bdt-child-width-1-2@m bdt-post-grid-tab-item bdt-grid bdt-grid-collapse bdt-child-width-1-2@m\">\n\t\t\t\t\t\t\t\t\t\t\t\n\t\t\t\t\t\t<div class=\"bdt-post-grid-tab-image\">\n\t\t\t<div class=\"bdt-post-grid-tab-image-inner bdt-gt-mh bdt-cover-container\">\n\t\t\t\t<img decoding=\"async\" class=\"full\" src=\"https:\/\/otaharin.org\/wp-content\/uploads\/2022\/11\/usaid-logo.jpg\" alt=\"Nijedno dijete bez za\u0161tite \u2013 unapre\u0111enje mehanizama za prevenciju trgovine djecom i za\u0161titu djece potencijalnih \u017ertava trgovine ljudima \u2013 USAID Inspire\" >\n\t\t\t<\/div>\n\t\t<\/div>\n\t\t\t\t\t \t\t\n\t  \t\t<div class=\"bdt-post-grid-tab-desc\">\n\t  \t\t\t<div class=\"bdt-post-grid-desc-inner bdt-gt-mh\">\n\t\t\t\t\t\t\t<a href=\"https:\/\/otaharin.org\/?p=1087\">\n\t\t\t<h3 class=\"bdt-post-grid-tab-item-title bdt-margin-remove\">\n\t\t\t\tNijedno dijete bez za\u0161tite \u2013 unapre\u0111enje mehanizama za prevenciju trgovine djecom i za\u0161titu djece potencijalnih \u017ertava trgovine ljudima \u2013 USAID Inspire\t\t\t<\/h3>\n\t\t<\/a>\n\t\t\n\t            \t\t\t\t\t\t\t<div class=\"bdt-post-grid-tab-meta bdt-subnav bdt-flex-middle bdt-margin-small-top\">\n\t\t\t\t\t\t\t<span class=\"bdt-post-grid-tab-author bdt-text-capitalize\">otah<\/span>\t\t\t\t\t\t\t<span class=\"bdt-post-grid-tab-date\">November 21, 2022<\/span>\t\t\t\t\t\t\t    <span class=\"bdt-post-grid-tab-category\">\n\n\t\t\t<a href=\"https:\/\/otaharin.org\/?cat=13\">Projekti<\/a>\t\t<\/span>\n\t\t\t\t\t\t\t\t\t<span><i class=\"ep-icon-bubble bdt-display-inline-block\" aria-hidden=\"true\"><\/i> 0<\/span>\t\t\t\t\t\t<\/div>\n\t\t\t\t\t\n\t\t\t\t\t\t\t<div class=\"bdt-post-grid-tab-excerpt\">\n\t\t\t<p>Cilj projekta: \u00a0Projekat nastoji da unaprijedi referalne mehanizme za za\u0161titu djece \u017ertava trgovine ljudima i potencijalnih \u017ertava trgovine ljudima u BiH u mjeri da profesionalci koji djeluju na poljima prevencije i za\u0161tite poznaju i koriste sve mehanizme za ciljem za\u0161tite potencijalnih \u017ertava i \u017ertava trgovine<\/p>\n\t\t<\/div>\n\t\t\t\t\t\t\t\n\t\t<a href=\"https:\/\/otaharin.org\/?p=1087\" class=\"bdt-post-grid-tab-readmore bdt-display-inline-block \">\n\t\t\tRead More\t\t\t\n\t\t\t<span class=\"bdt-button-icon-align-right\">\n\n\t\t\t\t\n\t\t\t<\/span>\n\t\t<\/a>\n\t\t\t\t\t\t<\/div>\n\t\t\t<\/div>\n\t\t<\/div>\n\t\t<\/dd>\n\t\t\t\t<dt>\n\t\t\t<div class=\"bdt-post-grid-tab-title\">Inicijativa mladi\u0107a II \u2013 Promocija zdravih stilova \u017eivota me\u0111u mladima u Bosni i Hercegovini osporavaju\u0107i rodne stereotipe \u2013 CARE &amp; IPD<\/div>\t\t<\/dt>\n\t\t<dd>\t\t<div data-bdt-grid=\"\" class=\"bdt-post-grid-tab-item bdt-grid bdt-grid-collapse bdt-child-width-1-2@m bdt-post-grid-tab-item bdt-grid bdt-grid-collapse bdt-child-width-1-2@m bdt-post-grid-tab-item bdt-grid bdt-grid-collapse bdt-child-width-1-2@m bdt-post-grid-tab-item bdt-grid bdt-grid-collapse bdt-child-width-1-2@m bdt-post-grid-tab-item bdt-grid bdt-grid-collapse bdt-child-width-1-2@m bdt-post-grid-tab-item bdt-grid bdt-grid-collapse bdt-child-width-1-2@m bdt-post-grid-tab-item bdt-grid bdt-grid-collapse bdt-child-width-1-2@m bdt-post-grid-tab-item bdt-grid bdt-grid-collapse bdt-child-width-1-2@m\">\n\t\t\t\t\t\t\t\t\t\t\t\n\t\t\t\t\t\t<div class=\"bdt-post-grid-tab-image\">\n\t\t\t<div class=\"bdt-post-grid-tab-image-inner bdt-gt-mh bdt-cover-container\">\n\t\t\t\t<img decoding=\"async\" class=\"full\" src=\"https:\/\/otaharin.org\/wp-content\/uploads\/2022\/11\/download-1.png\" alt=\"Inicijativa mladi\u0107a II \u2013 Promocija zdravih stilova \u017eivota me\u0111u mladima u Bosni i Hercegovini osporavaju\u0107i rodne stereotipe \u2013 CARE &amp; IPD\" >\n\t\t\t<\/div>\n\t\t<\/div>\n\t\t\t\t\t \t\t\n\t  \t\t<div class=\"bdt-post-grid-tab-desc\">\n\t  \t\t\t<div class=\"bdt-post-grid-desc-inner bdt-gt-mh\">\n\t\t\t\t\t\t\t<a href=\"https:\/\/otaharin.org\/?p=1085\">\n\t\t\t<h3 class=\"bdt-post-grid-tab-item-title bdt-margin-remove\">\n\t\t\t\tInicijativa mladi\u0107a II \u2013 Promocija zdravih stilova \u017eivota me\u0111u mladima u Bosni i Hercegovini osporavaju\u0107i rodne stereotipe \u2013 CARE &amp; IPD\t\t\t<\/h3>\n\t\t<\/a>\n\t\t\n\t            \t\t\t\t\t\t\t<div class=\"bdt-post-grid-tab-meta bdt-subnav bdt-flex-middle bdt-margin-small-top\">\n\t\t\t\t\t\t\t<span class=\"bdt-post-grid-tab-author bdt-text-capitalize\">otah<\/span>\t\t\t\t\t\t\t<span class=\"bdt-post-grid-tab-date\">November 21, 2022<\/span>\t\t\t\t\t\t\t    <span class=\"bdt-post-grid-tab-category\">\n\n\t\t\t<a href=\"https:\/\/otaharin.org\/?cat=13\">Projekti<\/a>\t\t<\/span>\n\t\t\t\t\t\t\t\t\t<span><i class=\"ep-icon-bubble bdt-display-inline-block\" aria-hidden=\"true\"><\/i> 0<\/span>\t\t\t\t\t\t<\/div>\n\t\t\t\t\t\n\t\t\t\t\t\t\t<div class=\"bdt-post-grid-tab-excerpt\">\n\t\t\t<p>Promovisanje zdravijih \u017eivotnih stilova i smanjenje interpersonalnog nasilja me\u0111u mladima u Bosni i Hercegovini osporavanjem rodnih stereotipa. Projekat okrenut radu u srednjim i osnovnim \u0161kolama, odnosno sa mladi\u0107ima i djevojkama u prelazu izme\u0111u osnovne i srednje \u0161kole s ciljem da se motivi\u0161u da prepoznaju negativne<\/p>\n\t\t<\/div>\n\t\t\t\t\t\t\t\n\t\t<a href=\"https:\/\/otaharin.org\/?p=1085\" class=\"bdt-post-grid-tab-readmore bdt-display-inline-block \">\n\t\t\tRead More\t\t\t\n\t\t\t<span class=\"bdt-button-icon-align-right\">\n\n\t\t\t\t\n\t\t\t<\/span>\n\t\t<\/a>\n\t\t\t\t\t\t<\/div>\n\t\t\t<\/div>\n\t\t<\/div>\n\t\t<\/dd>\n\t\t\t\t<dt>\n\t\t\t<div class=\"bdt-post-grid-tab-title\">Primjena sveobuhvatnog socio-ekolo\u0161kog imodela zasnovanog na aktivnom u\u010de\u0161\u0107u zajednica u eliminaciji nasilja nad \u017eenama u Bosni i Hercegovini \u2013 UN Women &amp; IPD Sarajevo<\/div>\t\t<\/dt>\n\t\t<dd>\t\t<div data-bdt-grid=\"\" class=\"bdt-post-grid-tab-item bdt-grid bdt-grid-collapse bdt-child-width-1-2@m bdt-post-grid-tab-item bdt-grid bdt-grid-collapse bdt-child-width-1-2@m bdt-post-grid-tab-item bdt-grid bdt-grid-collapse bdt-child-width-1-2@m bdt-post-grid-tab-item bdt-grid bdt-grid-collapse bdt-child-width-1-2@m bdt-post-grid-tab-item bdt-grid bdt-grid-collapse bdt-child-width-1-2@m bdt-post-grid-tab-item bdt-grid bdt-grid-collapse bdt-child-width-1-2@m bdt-post-grid-tab-item bdt-grid bdt-grid-collapse bdt-child-width-1-2@m bdt-post-grid-tab-item bdt-grid bdt-grid-collapse bdt-child-width-1-2@m bdt-post-grid-tab-item bdt-grid bdt-grid-collapse bdt-child-width-1-2@m\">\n\t\t\t\t\t\t\t\t\t\t\t\n\t\t\t\t\t\t<div class=\"bdt-post-grid-tab-image\">\n\t\t\t<div class=\"bdt-post-grid-tab-image-inner bdt-gt-mh bdt-cover-container\">\n\t\t\t\t<img decoding=\"async\" class=\"full\" src=\"https:\/\/otaharin.org\/wp-content\/uploads\/2021\/09\/IMG_2982-980x653-1.jpg\" alt=\"Primjena sveobuhvatnog socio-ekolo\u0161kog imodela zasnovanog na aktivnom u\u010de\u0161\u0107u zajednica u eliminaciji nasilja nad \u017eenama u Bosni i Hercegovini \u2013 UN Women &amp; IPD Sarajevo\" >\n\t\t\t<\/div>\n\t\t<\/div>\n\t\t\t\t\t \t\t\n\t  \t\t<div class=\"bdt-post-grid-tab-desc\">\n\t  \t\t\t<div class=\"bdt-post-grid-desc-inner bdt-gt-mh\">\n\t\t\t\t\t\t\t<a href=\"https:\/\/otaharin.org\/?p=1083\">\n\t\t\t<h3 class=\"bdt-post-grid-tab-item-title bdt-margin-remove\">\n\t\t\t\tPrimjena sveobuhvatnog socio-ekolo\u0161kog imodela zasnovanog na aktivnom u\u010de\u0161\u0107u zajednica u eliminaciji nasilja nad \u017eenama u Bosni i Hercegovini \u2013 UN Women &amp; IPD Sarajevo\t\t\t<\/h3>\n\t\t<\/a>\n\t\t\n\t            \t\t\t\t\t\t\t<div class=\"bdt-post-grid-tab-meta bdt-subnav bdt-flex-middle bdt-margin-small-top\">\n\t\t\t\t\t\t\t<span class=\"bdt-post-grid-tab-author bdt-text-capitalize\">otah<\/span>\t\t\t\t\t\t\t<span class=\"bdt-post-grid-tab-date\">November 21, 2022<\/span>\t\t\t\t\t\t\t    <span class=\"bdt-post-grid-tab-category\">\n\n\t\t\t<a href=\"https:\/\/otaharin.org\/?cat=13\">Projekti<\/a>\t\t<\/span>\n\t\t\t\t\t\t\t\t\t<span><i class=\"ep-icon-bubble bdt-display-inline-block\" aria-hidden=\"true\"><\/i> 0<\/span>\t\t\t\t\t\t<\/div>\n\t\t\t\t\t\n\t\t\t\t\t\t\t<div class=\"bdt-post-grid-tab-excerpt\">\n\t\t\t<p>Cilj projekta jeste da se sprovodi inovativni pristup u prevenciji nasilja. Kroz projekat je izvr\u0161ena analiza o klju\u010dnim faktorima dru\u0161tvenog \u017eivota mu\u0161karaca i mladi\u0107a\/dje\u010daka, \u017eena i djevojaka\/djevoj\u010dica (analiza ulaznih podataka\/bodova) za aktivnsoti u \u0161kolama, mobilizaciju zajednice i uklju\u010divanje vjerskih vo\u0111a u borbi protiv stereotipa i<\/p>\n\t\t<\/div>\n\t\t\t\t\t\t\t\n\t\t<a href=\"https:\/\/otaharin.org\/?p=1083\" class=\"bdt-post-grid-tab-readmore bdt-display-inline-block \">\n\t\t\tRead More\t\t\t\n\t\t\t<span class=\"bdt-button-icon-align-right\">\n\n\t\t\t\t\n\t\t\t<\/span>\n\t\t<\/a>\n\t\t\t\t\t\t<\/div>\n\t\t\t<\/div>\n\t\t<\/div>\n\t\t<\/dd>\n\t\t\t\t<dt>\n\t\t\t<div class=\"bdt-post-grid-tab-title\">Sveobuhvatna podr\u0161ka radu Udru\u017eenja \u2013 Trag Fondacija<\/div>\t\t<\/dt>\n\t\t<dd>\t\t<div data-bdt-grid=\"\" class=\"bdt-post-grid-tab-item bdt-grid bdt-grid-collapse bdt-child-width-1-2@m bdt-post-grid-tab-item bdt-grid bdt-grid-collapse bdt-child-width-1-2@m bdt-post-grid-tab-item bdt-grid bdt-grid-collapse bdt-child-width-1-2@m bdt-post-grid-tab-item bdt-grid bdt-grid-collapse bdt-child-width-1-2@m bdt-post-grid-tab-item bdt-grid bdt-grid-collapse bdt-child-width-1-2@m bdt-post-grid-tab-item bdt-grid bdt-grid-collapse bdt-child-width-1-2@m bdt-post-grid-tab-item bdt-grid bdt-grid-collapse bdt-child-width-1-2@m bdt-post-grid-tab-item bdt-grid bdt-grid-collapse bdt-child-width-1-2@m bdt-post-grid-tab-item bdt-grid bdt-grid-collapse bdt-child-width-1-2@m bdt-post-grid-tab-item bdt-grid bdt-grid-collapse bdt-child-width-1-2@m\">\n\t\t\t\t\t\t\t\t\t\t\t\n\t\t\t\t\t\t<div class=\"bdt-post-grid-tab-image\">\n\t\t\t<div class=\"bdt-post-grid-tab-image-inner bdt-gt-mh bdt-cover-container\">\n\t\t\t\t<img decoding=\"async\" class=\"full\" src=\"https:\/\/otaharin.org\/wp-content\/uploads\/2020\/07\/download-1.png\" alt=\"Sveobuhvatna podr\u0161ka radu Udru\u017eenja \u2013 Trag Fondacija\" >\n\t\t\t<\/div>\n\t\t<\/div>\n\t\t\t\t\t \t\t\n\t  \t\t<div class=\"bdt-post-grid-tab-desc\">\n\t  \t\t\t<div class=\"bdt-post-grid-desc-inner bdt-gt-mh\">\n\t\t\t\t\t\t\t<a href=\"https:\/\/otaharin.org\/?p=1081\">\n\t\t\t<h3 class=\"bdt-post-grid-tab-item-title bdt-margin-remove\">\n\t\t\t\tSveobuhvatna podr\u0161ka radu Udru\u017eenja \u2013 Trag Fondacija\t\t\t<\/h3>\n\t\t<\/a>\n\t\t\n\t            \t\t\t\t\t\t\t<div class=\"bdt-post-grid-tab-meta bdt-subnav bdt-flex-middle bdt-margin-small-top\">\n\t\t\t\t\t\t\t<span class=\"bdt-post-grid-tab-author bdt-text-capitalize\">otah<\/span>\t\t\t\t\t\t\t<span class=\"bdt-post-grid-tab-date\">November 21, 2022<\/span>\t\t\t\t\t\t\t    <span class=\"bdt-post-grid-tab-category\">\n\n\t\t\t<a href=\"https:\/\/otaharin.org\/?cat=13\">Projekti<\/a>\t\t<\/span>\n\t\t\t\t\t\t\t\t\t<span><i class=\"ep-icon-bubble bdt-display-inline-block\" aria-hidden=\"true\"><\/i> 0<\/span>\t\t\t\t\t\t<\/div>\n\t\t\t\t\t\n\t\t\t\t\t\t\t<div class=\"bdt-post-grid-tab-excerpt\">\n\t\t\t<p>Kako bismo realizovali sve aktivnosti koje smo definisali Statutom i Strate\u0161kim planom na\u0161e organizacije, neophodna je sveobuhvatna podr\u0161ka od strate\u0161ki va\u017enog partnera kao \u0161to je Trag Fondacija, \u010dija nam omogu\u0107uje konstantni rast i razvoj i izgradnju kapaciteta na\u0161eg Udru\u017eenja, a samim tim uti\u010de na na\u0161e<\/p>\n\t\t<\/div>\n\t\t\t\t\t\t\t\n\t\t<a href=\"https:\/\/otaharin.org\/?p=1081\" class=\"bdt-post-grid-tab-readmore bdt-display-inline-block \">\n\t\t\tRead More\t\t\t\n\t\t\t<span class=\"bdt-button-icon-align-right\">\n\n\t\t\t\t\n\t\t\t<\/span>\n\t\t<\/a>\n\t\t\t\t\t\t<\/div>\n\t\t\t<\/div>\n\t\t<\/div>\n\t\t<\/dd>\n\t\t\t\t<dt>\n\t\t\t<div class=\"bdt-post-grid-tab-title\">Ubla\u017eavanje posljedica izazvanih panedmijom Covid-19 u romskoj zajednici u Bijeljini \u2013 CARE International &amp; ADA<\/div>\t\t<\/dt>\n\t\t<dd>\t\t<div data-bdt-grid=\"\" class=\"bdt-post-grid-tab-item bdt-grid bdt-grid-collapse bdt-child-width-1-2@m bdt-post-grid-tab-item bdt-grid bdt-grid-collapse bdt-child-width-1-2@m bdt-post-grid-tab-item bdt-grid bdt-grid-collapse bdt-child-width-1-2@m bdt-post-grid-tab-item bdt-grid bdt-grid-collapse bdt-child-width-1-2@m bdt-post-grid-tab-item bdt-grid bdt-grid-collapse bdt-child-width-1-2@m bdt-post-grid-tab-item bdt-grid bdt-grid-collapse bdt-child-width-1-2@m bdt-post-grid-tab-item bdt-grid bdt-grid-collapse bdt-child-width-1-2@m bdt-post-grid-tab-item bdt-grid bdt-grid-collapse bdt-child-width-1-2@m bdt-post-grid-tab-item bdt-grid bdt-grid-collapse bdt-child-width-1-2@m bdt-post-grid-tab-item bdt-grid bdt-grid-collapse bdt-child-width-1-2@m bdt-post-grid-tab-item bdt-grid bdt-grid-collapse bdt-child-width-1-2@m\">\n\t\t\t\t\t\t\t\t\t\t\t\n\t\t\t\t\t\t<div class=\"bdt-post-grid-tab-image\">\n\t\t\t<div class=\"bdt-post-grid-tab-image-inner bdt-gt-mh bdt-cover-container\">\n\t\t\t\t<img decoding=\"async\" class=\"full\" src=\"https:\/\/otaharin.org\/wp-content\/uploads\/2022\/11\/d2c41031242005.560595bc6c8a5.jpg\" alt=\"Ubla\u017eavanje posljedica izazvanih panedmijom Covid-19 u romskoj zajednici u Bijeljini \u2013 CARE International &amp; ADA\" >\n\t\t\t<\/div>\n\t\t<\/div>\n\t\t\t\t\t \t\t\n\t  \t\t<div class=\"bdt-post-grid-tab-desc\">\n\t  \t\t\t<div class=\"bdt-post-grid-desc-inner bdt-gt-mh\">\n\t\t\t\t\t\t\t<a href=\"https:\/\/otaharin.org\/?p=1079\">\n\t\t\t<h3 class=\"bdt-post-grid-tab-item-title bdt-margin-remove\">\n\t\t\t\tUbla\u017eavanje posljedica izazvanih panedmijom Covid-19 u romskoj zajednici u Bijeljini \u2013 CARE International &amp; ADA\t\t\t<\/h3>\n\t\t<\/a>\n\t\t\n\t            \t\t\t\t\t\t\t<div class=\"bdt-post-grid-tab-meta bdt-subnav bdt-flex-middle bdt-margin-small-top\">\n\t\t\t\t\t\t\t<span class=\"bdt-post-grid-tab-author bdt-text-capitalize\">otah<\/span>\t\t\t\t\t\t\t<span class=\"bdt-post-grid-tab-date\">November 21, 2022<\/span>\t\t\t\t\t\t\t    <span class=\"bdt-post-grid-tab-category\">\n\n\t\t\t<a href=\"https:\/\/otaharin.org\/?cat=13\">Projekti<\/a>\t\t<\/span>\n\t\t\t\t\t\t\t\t\t<span><i class=\"ep-icon-bubble bdt-display-inline-block\" aria-hidden=\"true\"><\/i> 0<\/span>\t\t\t\t\t\t<\/div>\n\t\t\t\t\t\n\t\t\t\t\t\t\t<div class=\"bdt-post-grid-tab-excerpt\">\n\t\t\t<p>Projekat ima za cilj da doprinese ubla\u017eavanju humanitarnih i socijalno-ekonomskih posljedica krize koja je izazvana Covid-19 pandemijom. Ovim projektom smo do sada do\u0161li do 327 korisnika i korisnica kroz terenski rad, savjetodavni radi druge usluge koje su pro\u017eile podr\u0161ku romskim zajednicama. Ovaj projekat se, tako\u0111e,<\/p>\n\t\t<\/div>\n\t\t\t\t\t\t\t\n\t\t<a href=\"https:\/\/otaharin.org\/?p=1079\" class=\"bdt-post-grid-tab-readmore bdt-display-inline-block \">\n\t\t\tRead More\t\t\t\n\t\t\t<span class=\"bdt-button-icon-align-right\">\n\n\t\t\t\t\n\t\t\t<\/span>\n\t\t<\/a>\n\t\t\t\t\t\t<\/div>\n\t\t\t<\/div>\n\t\t<\/div>\n\t\t<\/dd>\n\t\t\t\t<dt>\n\t\t\t<div class=\"bdt-post-grid-tab-title\">Zajedni\u010dka inicijativa za osna\u017eivanje romskog civilnog dru\u0161tva na zapadnom Balkanu i Turskoj<\/div>\t\t<\/dt>\n\t\t<dd>\t\t<div data-bdt-grid=\"\" class=\"bdt-post-grid-tab-item bdt-grid bdt-grid-collapse bdt-child-width-1-2@m bdt-post-grid-tab-item bdt-grid bdt-grid-collapse bdt-child-width-1-2@m bdt-post-grid-tab-item bdt-grid bdt-grid-collapse bdt-child-width-1-2@m bdt-post-grid-tab-item bdt-grid bdt-grid-collapse bdt-child-width-1-2@m bdt-post-grid-tab-item bdt-grid bdt-grid-collapse bdt-child-width-1-2@m bdt-post-grid-tab-item bdt-grid bdt-grid-collapse bdt-child-width-1-2@m bdt-post-grid-tab-item bdt-grid bdt-grid-collapse bdt-child-width-1-2@m bdt-post-grid-tab-item bdt-grid bdt-grid-collapse bdt-child-width-1-2@m bdt-post-grid-tab-item bdt-grid bdt-grid-collapse bdt-child-width-1-2@m bdt-post-grid-tab-item bdt-grid bdt-grid-collapse bdt-child-width-1-2@m bdt-post-grid-tab-item bdt-grid bdt-grid-collapse bdt-child-width-1-2@m bdt-post-grid-tab-item bdt-grid bdt-grid-collapse bdt-child-width-1-2@m\">\n\t\t\t\t\t\t\t\t\t\t\t\n\t\t\t\t\t\t<div class=\"bdt-post-grid-tab-image\">\n\t\t\t<div class=\"bdt-post-grid-tab-image-inner bdt-gt-mh bdt-cover-container\">\n\t\t\t\t<img decoding=\"async\" class=\"full\" src=\"https:\/\/otaharin.org\/wp-content\/uploads\/2020\/07\/4U3A3624-1080x720-1.jpg\" alt=\"Zajedni\u010dka inicijativa za osna\u017eivanje romskog civilnog dru\u0161tva na zapadnom Balkanu i Turskoj\" >\n\t\t\t<\/div>\n\t\t<\/div>\n\t\t\t\t\t \t\t\n\t  \t\t<div class=\"bdt-post-grid-tab-desc\">\n\t  \t\t\t<div class=\"bdt-post-grid-desc-inner bdt-gt-mh\">\n\t\t\t\t\t\t\t<a href=\"https:\/\/otaharin.org\/?p=827\">\n\t\t\t<h3 class=\"bdt-post-grid-tab-item-title bdt-margin-remove\">\n\t\t\t\tZajedni\u010dka inicijativa za osna\u017eivanje romskog civilnog dru\u0161tva na zapadnom Balkanu i Turskoj\t\t\t<\/h3>\n\t\t<\/a>\n\t\t\n\t            \t\t\t\t\t\t\t<div class=\"bdt-post-grid-tab-meta bdt-subnav bdt-flex-middle bdt-margin-small-top\">\n\t\t\t\t\t\t\t<span class=\"bdt-post-grid-tab-author bdt-text-capitalize\">otah<\/span>\t\t\t\t\t\t\t<span class=\"bdt-post-grid-tab-date\">July 7, 2020<\/span>\t\t\t\t\t\t\t    <span class=\"bdt-post-grid-tab-category\">\n\n\t\t\t<a href=\"https:\/\/otaharin.org\/?cat=13\">Projekti<\/a>\t\t<\/span>\n\t\t\t\t\t\t\t\t\t<span><i class=\"ep-icon-bubble bdt-display-inline-block\" aria-hidden=\"true\"><\/i> 0<\/span>\t\t\t\t\t\t<\/div>\n\t\t\t\t\t\n\t\t\t\t\t\t\t<div class=\"bdt-post-grid-tab-excerpt\">\n\t\t\t<p>Op\u0161ti cilj projekta je uspostaviti konstruktivan i sistemati\u010dan dijalog izme\u0111u lokalnih i nacionalnih vlasti i romskih nevladinih organizacija u cilju pobolj\u0161anja politika za integraciju Roma, socijalnu inkluziju, antidiskriminaciju, me\u0111uetni\u010dki dijalog, socio-ekonomski razvoj i gra\u0111anska prava. Specifi\u010dni cilj 1: ja\u010dati profesionalni kapacitet, legitimitet i odgovornost (pro)romskih<\/p>\n\t\t<\/div>\n\t\t\t\t\t\t\t\n\t\t<a href=\"https:\/\/otaharin.org\/?p=827\" class=\"bdt-post-grid-tab-readmore bdt-display-inline-block \">\n\t\t\tRead More\t\t\t\n\t\t\t<span class=\"bdt-button-icon-align-right\">\n\n\t\t\t\t\n\t\t\t<\/span>\n\t\t<\/a>\n\t\t\t\t\t\t<\/div>\n\t\t\t<\/div>\n\t\t<\/div>\n\t\t<\/dd>\n\t\t\t\t<dt>\n\t\t\t<div class=\"bdt-post-grid-tab-title\">Inicijativa mladi\u0107a \u2013 Promovisanje zdravijih \u017eivotnih stilova me\u0111u mladima u Bosni i Hercegovini osporavaju\u0107i rodne stereotipe<\/div>\t\t<\/dt>\n\t\t<dd>\t\t<div data-bdt-grid=\"\" class=\"bdt-post-grid-tab-item bdt-grid bdt-grid-collapse bdt-child-width-1-2@m bdt-post-grid-tab-item bdt-grid bdt-grid-collapse bdt-child-width-1-2@m bdt-post-grid-tab-item bdt-grid bdt-grid-collapse bdt-child-width-1-2@m bdt-post-grid-tab-item bdt-grid bdt-grid-collapse bdt-child-width-1-2@m bdt-post-grid-tab-item bdt-grid bdt-grid-collapse bdt-child-width-1-2@m bdt-post-grid-tab-item bdt-grid bdt-grid-collapse bdt-child-width-1-2@m bdt-post-grid-tab-item bdt-grid bdt-grid-collapse bdt-child-width-1-2@m bdt-post-grid-tab-item bdt-grid bdt-grid-collapse bdt-child-width-1-2@m bdt-post-grid-tab-item bdt-grid bdt-grid-collapse bdt-child-width-1-2@m bdt-post-grid-tab-item bdt-grid bdt-grid-collapse bdt-child-width-1-2@m bdt-post-grid-tab-item bdt-grid bdt-grid-collapse bdt-child-width-1-2@m bdt-post-grid-tab-item bdt-grid bdt-grid-collapse bdt-child-width-1-2@m bdt-post-grid-tab-item bdt-grid bdt-grid-collapse bdt-child-width-1-2@m\">\n\t\t\t\t\t\t\t\t\t\t\t\n\t\t\t\t\t\t<div class=\"bdt-post-grid-tab-image\">\n\t\t\t<div class=\"bdt-post-grid-tab-image-inner bdt-gt-mh bdt-cover-container\">\n\t\t\t\t<img decoding=\"async\" class=\"full\" src=\"https:\/\/otaharin.org\/wp-content\/uploads\/2020\/07\/IMG_6187-1-1080x720-1.jpg\" alt=\"Inicijativa mladi\u0107a \u2013 Promovisanje zdravijih \u017eivotnih stilova me\u0111u mladima u Bosni i Hercegovini osporavaju\u0107i rodne stereotipe\" >\n\t\t\t<\/div>\n\t\t<\/div>\n\t\t\t\t\t \t\t\n\t  \t\t<div class=\"bdt-post-grid-tab-desc\">\n\t  \t\t\t<div class=\"bdt-post-grid-desc-inner bdt-gt-mh\">\n\t\t\t\t\t\t\t<a href=\"https:\/\/otaharin.org\/?p=821\">\n\t\t\t<h3 class=\"bdt-post-grid-tab-item-title bdt-margin-remove\">\n\t\t\t\tInicijativa mladi\u0107a \u2013 Promovisanje zdravijih \u017eivotnih stilova me\u0111u mladima u Bosni i Hercegovini osporavaju\u0107i rodne stereotipe\t\t\t<\/h3>\n\t\t<\/a>\n\t\t\n\t            \t\t\t\t\t\t\t<div class=\"bdt-post-grid-tab-meta bdt-subnav bdt-flex-middle bdt-margin-small-top\">\n\t\t\t\t\t\t\t<span class=\"bdt-post-grid-tab-author bdt-text-capitalize\">otah<\/span>\t\t\t\t\t\t\t<span class=\"bdt-post-grid-tab-date\">July 7, 2020<\/span>\t\t\t\t\t\t\t    <span class=\"bdt-post-grid-tab-category\">\n\n\t\t\t<a href=\"https:\/\/otaharin.org\/?cat=13\">Projekti<\/a>\t\t<\/span>\n\t\t\t\t\t\t\t\t\t<span><i class=\"ep-icon-bubble bdt-display-inline-block\" aria-hidden=\"true\"><\/i> 0<\/span>\t\t\t\t\t\t<\/div>\n\t\t\t\t\t\n\t\t\t\t\t\t\t<div class=\"bdt-post-grid-tab-excerpt\">\n\t\t\t<p>Projekat ,Inicijativa mladi\u0107a \u2013 Promovisanje zdravijeg \u017eivotnog stila me\u0111u mladima u Bosni i Hercegovini osporavaju\u0107i rodne stereotipe\u201c Tokom realizacije projekta, predvi\u0111eno je da svaki razred u prethodnoj 2016.\/2017. godini koji je pro\u0161ao I ciklus radionica da pro\u0111e i ove 2017. godine preostalih 5 radionica iz<\/p>\n\t\t<\/div>\n\t\t\t\t\t\t\t\n\t\t<a href=\"https:\/\/otaharin.org\/?p=821\" class=\"bdt-post-grid-tab-readmore bdt-display-inline-block \">\n\t\t\tRead More\t\t\t\n\t\t\t<span class=\"bdt-button-icon-align-right\">\n\n\t\t\t\t\n\t\t\t<\/span>\n\t\t<\/a>\n\t\t\t\t\t\t<\/div>\n\t\t\t<\/div>\n\t\t<\/div>\n\t\t<\/dd>\n\t\t\t\t<dt>\n\t\t\t<div class=\"bdt-post-grid-tab-title\">Institucionalna podr\u0161ka i ja\u010danje kapaciteta Otaharina<\/div>\t\t<\/dt>\n\t\t<dd>\t\t<div data-bdt-grid=\"\" class=\"bdt-post-grid-tab-item bdt-grid bdt-grid-collapse bdt-child-width-1-2@m bdt-post-grid-tab-item bdt-grid bdt-grid-collapse bdt-child-width-1-2@m bdt-post-grid-tab-item bdt-grid bdt-grid-collapse bdt-child-width-1-2@m bdt-post-grid-tab-item bdt-grid bdt-grid-collapse bdt-child-width-1-2@m bdt-post-grid-tab-item bdt-grid bdt-grid-collapse bdt-child-width-1-2@m bdt-post-grid-tab-item bdt-grid bdt-grid-collapse bdt-child-width-1-2@m bdt-post-grid-tab-item bdt-grid bdt-grid-collapse bdt-child-width-1-2@m bdt-post-grid-tab-item bdt-grid bdt-grid-collapse bdt-child-width-1-2@m bdt-post-grid-tab-item bdt-grid bdt-grid-collapse bdt-child-width-1-2@m bdt-post-grid-tab-item bdt-grid bdt-grid-collapse bdt-child-width-1-2@m bdt-post-grid-tab-item bdt-grid bdt-grid-collapse bdt-child-width-1-2@m bdt-post-grid-tab-item bdt-grid bdt-grid-collapse bdt-child-width-1-2@m bdt-post-grid-tab-item bdt-grid bdt-grid-collapse bdt-child-width-1-2@m bdt-post-grid-tab-item bdt-grid bdt-grid-collapse bdt-child-width-1-2@m\">\n\t\t\t\t\t\t\t\t\t\t\t\n\t\t\t\t\t\t<div class=\"bdt-post-grid-tab-image\">\n\t\t\t<div class=\"bdt-post-grid-tab-image-inner bdt-gt-mh bdt-cover-container\">\n\t\t\t\t<img decoding=\"async\" class=\"full\" src=\"https:\/\/otaharin.org\/wp-content\/uploads\/2020\/07\/download-1.png\" alt=\"Institucionalna podr\u0161ka i ja\u010danje kapaciteta Otaharina\" >\n\t\t\t<\/div>\n\t\t<\/div>\n\t\t\t\t\t \t\t\n\t  \t\t<div class=\"bdt-post-grid-tab-desc\">\n\t  \t\t\t<div class=\"bdt-post-grid-desc-inner bdt-gt-mh\">\n\t\t\t\t\t\t\t<a href=\"https:\/\/otaharin.org\/?p=814\">\n\t\t\t<h3 class=\"bdt-post-grid-tab-item-title bdt-margin-remove\">\n\t\t\t\tInstitucionalna podr\u0161ka i ja\u010danje kapaciteta Otaharina\t\t\t<\/h3>\n\t\t<\/a>\n\t\t\n\t            \t\t\t\t\t\t\t<div class=\"bdt-post-grid-tab-meta bdt-subnav bdt-flex-middle bdt-margin-small-top\">\n\t\t\t\t\t\t\t<span class=\"bdt-post-grid-tab-author bdt-text-capitalize\">otah<\/span>\t\t\t\t\t\t\t<span class=\"bdt-post-grid-tab-date\">July 7, 2020<\/span>\t\t\t\t\t\t\t    <span class=\"bdt-post-grid-tab-category\">\n\n\t\t\t<a href=\"https:\/\/otaharin.org\/?cat=13\">Projekti<\/a>\t\t<\/span>\n\t\t\t\t\t\t\t\t\t<span><i class=\"ep-icon-bubble bdt-display-inline-block\" aria-hidden=\"true\"><\/i> 0<\/span>\t\t\t\t\t\t<\/div>\n\t\t\t\t\t\n\t\t\t\t\t\t\t<div class=\"bdt-post-grid-tab-excerpt\">\n\t\t\t<p>Kontinuirana podr\u0161ka \u017eenskog romskog aktivizma kroz podr\u0161ku \u017eenskoh romskoj zajednici Udru\u017eenja \u017eena \u201eRomkinja\u201c , Razvoj kapaciteta UG \u201eOtaharin\u201c kroz unapre\u0111enje kapaciteta, promociju rada i rezultata udru\u017eenja, umre\u017eavanje i izgradnju partnerstava sa privatnim sektorom i institucijama sistema. Programske aktivnosti koje su definisane pored bazi\u010dne podr\u0161ke su<\/p>\n\t\t<\/div>\n\t\t\t\t\t\t\t\n\t\t<a href=\"https:\/\/otaharin.org\/?p=814\" class=\"bdt-post-grid-tab-readmore bdt-display-inline-block \">\n\t\t\tRead More\t\t\t\n\t\t\t<span class=\"bdt-button-icon-align-right\">\n\n\t\t\t\t\n\t\t\t<\/span>\n\t\t<\/a>\n\t\t\t\t\t\t<\/div>\n\t\t\t<\/div>\n\t\t<\/div>\n\t\t<\/dd>\n\t\t\t\t<dt>\n\t\t\t<div class=\"bdt-post-grid-tab-title\">Referalni mehanizmi kao direktna podr\u0161ka socijalno ugro\u017eenim osobama &#8211; GIZ<\/div>\t\t<\/dt>\n\t\t<dd>\t\t<div data-bdt-grid=\"\" class=\"bdt-post-grid-tab-item bdt-grid bdt-grid-collapse bdt-child-width-1-2@m bdt-post-grid-tab-item bdt-grid bdt-grid-collapse bdt-child-width-1-2@m bdt-post-grid-tab-item bdt-grid bdt-grid-collapse bdt-child-width-1-2@m bdt-post-grid-tab-item bdt-grid bdt-grid-collapse bdt-child-width-1-2@m bdt-post-grid-tab-item bdt-grid bdt-grid-collapse bdt-child-width-1-2@m bdt-post-grid-tab-item bdt-grid bdt-grid-collapse bdt-child-width-1-2@m bdt-post-grid-tab-item bdt-grid bdt-grid-collapse bdt-child-width-1-2@m bdt-post-grid-tab-item bdt-grid bdt-grid-collapse bdt-child-width-1-2@m bdt-post-grid-tab-item bdt-grid bdt-grid-collapse bdt-child-width-1-2@m bdt-post-grid-tab-item bdt-grid bdt-grid-collapse bdt-child-width-1-2@m bdt-post-grid-tab-item bdt-grid bdt-grid-collapse bdt-child-width-1-2@m bdt-post-grid-tab-item bdt-grid bdt-grid-collapse bdt-child-width-1-2@m bdt-post-grid-tab-item bdt-grid bdt-grid-collapse bdt-child-width-1-2@m bdt-post-grid-tab-item bdt-grid bdt-grid-collapse bdt-child-width-1-2@m bdt-post-grid-tab-item bdt-grid bdt-grid-collapse bdt-child-width-1-2@m\">\n\t\t\t\t\t\t\t\t\t\t\t\n\t\t\t\t\t\t<div class=\"bdt-post-grid-tab-image\">\n\t\t\t<div class=\"bdt-post-grid-tab-image-inner bdt-gt-mh bdt-cover-container\">\n\t\t\t\t<img decoding=\"async\" class=\"full\" src=\"https:\/\/otaharin.org\/wp-content\/uploads\/2020\/07\/logo-giz.png\" alt=\"Referalni mehanizmi kao direktna podr\u0161ka socijalno ugro\u017eenim osobama &#8211; GIZ\" >\n\t\t\t<\/div>\n\t\t<\/div>\n\t\t\t\t\t \t\t\n\t  \t\t<div class=\"bdt-post-grid-tab-desc\">\n\t  \t\t\t<div class=\"bdt-post-grid-desc-inner bdt-gt-mh\">\n\t\t\t\t\t\t\t<a href=\"https:\/\/otaharin.org\/?p=798\">\n\t\t\t<h3 class=\"bdt-post-grid-tab-item-title bdt-margin-remove\">\n\t\t\t\tReferalni mehanizmi kao direktna podr\u0161ka socijalno ugro\u017eenim osobama &#8211; GIZ\t\t\t<\/h3>\n\t\t<\/a>\n\t\t\n\t            \t\t\t\t\t\t\t<div class=\"bdt-post-grid-tab-meta bdt-subnav bdt-flex-middle bdt-margin-small-top\">\n\t\t\t\t\t\t\t<span class=\"bdt-post-grid-tab-author bdt-text-capitalize\">otah<\/span>\t\t\t\t\t\t\t<span class=\"bdt-post-grid-tab-date\">July 7, 2020<\/span>\t\t\t\t\t\t\t    <span class=\"bdt-post-grid-tab-category\">\n\n\t\t\t<a href=\"https:\/\/otaharin.org\/?cat=13\">Projekti<\/a>\t\t<\/span>\n\t\t\t\t\t\t\t\t\t<span><i class=\"ep-icon-bubble bdt-display-inline-block\" aria-hidden=\"true\"><\/i> 0<\/span>\t\t\t\t\t\t<\/div>\n\t\t\t\t\t\n\t\t\t\t\t\t\t<div class=\"bdt-post-grid-tab-excerpt\">\n\t\t\t<p>O PROJEKTU: Projekat ima za cilj ja\u010danje postoje\u0107ih mehanizama za socijalno uklju\u010divanje i unapre\u0111enje socijalnih usluga za romsku manjinu sa akcentom na povratnike u Bijeljinu kroz ja\u010danje\u00a0Mobilnog interventnog tima i Radne grupe za za\u0161titu bezbjednosti djece\u00a0u saradnji sa Gradskom upravom Grada Bijeljina. Mobilno interventni tim<\/p>\n\t\t<\/div>\n\t\t\t\t\t\t\t\n\t\t<a href=\"https:\/\/otaharin.org\/?p=798\" class=\"bdt-post-grid-tab-readmore bdt-display-inline-block \">\n\t\t\tRead More\t\t\t\n\t\t\t<span class=\"bdt-button-icon-align-right\">\n\n\t\t\t\t\n\t\t\t<\/span>\n\t\t<\/a>\n\t\t\t\t\t\t<\/div>\n\t\t\t<\/div>\n\t\t<\/div>\n\t\t<\/dd>\n\t\t\t\t<dt>\n\t\t\t<div class=\"bdt-post-grid-tab-title\">Znanjem i prevencijom do zdravlja \u2013 Institut za javno zdravstvo<\/div>\t\t<\/dt>\n\t\t<dd>\t\t<div data-bdt-grid=\"\" class=\"bdt-post-grid-tab-item bdt-grid bdt-grid-collapse bdt-child-width-1-2@m bdt-post-grid-tab-item bdt-grid bdt-grid-collapse bdt-child-width-1-2@m bdt-post-grid-tab-item bdt-grid bdt-grid-collapse bdt-child-width-1-2@m bdt-post-grid-tab-item bdt-grid bdt-grid-collapse bdt-child-width-1-2@m bdt-post-grid-tab-item bdt-grid bdt-grid-collapse bdt-child-width-1-2@m bdt-post-grid-tab-item bdt-grid bdt-grid-collapse bdt-child-width-1-2@m bdt-post-grid-tab-item bdt-grid bdt-grid-collapse bdt-child-width-1-2@m bdt-post-grid-tab-item bdt-grid bdt-grid-collapse bdt-child-width-1-2@m bdt-post-grid-tab-item bdt-grid bdt-grid-collapse bdt-child-width-1-2@m bdt-post-grid-tab-item bdt-grid bdt-grid-collapse bdt-child-width-1-2@m bdt-post-grid-tab-item bdt-grid bdt-grid-collapse bdt-child-width-1-2@m bdt-post-grid-tab-item bdt-grid bdt-grid-collapse bdt-child-width-1-2@m bdt-post-grid-tab-item bdt-grid bdt-grid-collapse bdt-child-width-1-2@m bdt-post-grid-tab-item bdt-grid bdt-grid-collapse bdt-child-width-1-2@m bdt-post-grid-tab-item bdt-grid bdt-grid-collapse bdt-child-width-1-2@m bdt-post-grid-tab-item bdt-grid bdt-grid-collapse bdt-child-width-1-2@m\">\n\t\t\t\t\t\t\t\t\t\t\t\n\t\t\t\t\t\t<div class=\"bdt-post-grid-tab-image\">\n\t\t\t<div class=\"bdt-post-grid-tab-image-inner bdt-gt-mh bdt-cover-container\">\n\t\t\t\t<img decoding=\"async\" class=\"full\" src=\"https:\/\/otaharin.org\/wp-content\/uploads\/2020\/07\/logo-1.png\" alt=\"Znanjem i prevencijom do zdravlja \u2013 Institut za javno zdravstvo\" >\n\t\t\t<\/div>\n\t\t<\/div>\n\t\t\t\t\t \t\t\n\t  \t\t<div class=\"bdt-post-grid-tab-desc\">\n\t  \t\t\t<div class=\"bdt-post-grid-desc-inner bdt-gt-mh\">\n\t\t\t\t\t\t\t<a href=\"https:\/\/otaharin.org\/?p=797\">\n\t\t\t<h3 class=\"bdt-post-grid-tab-item-title bdt-margin-remove\">\n\t\t\t\tZnanjem i prevencijom do zdravlja \u2013 Institut za javno zdravstvo\t\t\t<\/h3>\n\t\t<\/a>\n\t\t\n\t            \t\t\t\t\t\t\t<div class=\"bdt-post-grid-tab-meta bdt-subnav bdt-flex-middle bdt-margin-small-top\">\n\t\t\t\t\t\t\t<span class=\"bdt-post-grid-tab-author bdt-text-capitalize\">otah<\/span>\t\t\t\t\t\t\t<span class=\"bdt-post-grid-tab-date\">July 7, 2020<\/span>\t\t\t\t\t\t\t    <span class=\"bdt-post-grid-tab-category\">\n\n\t\t\t<a href=\"https:\/\/otaharin.org\/?cat=13\">Projekti<\/a>\t\t<\/span>\n\t\t\t\t\t\t\t\t\t<span><i class=\"ep-icon-bubble bdt-display-inline-block\" aria-hidden=\"true\"><\/i> 0<\/span>\t\t\t\t\t\t<\/div>\n\t\t\t\t\t\n\t\t\t\t\t\t\t<div class=\"bdt-post-grid-tab-excerpt\">\n\t\t\t<p>Ovim projektom bavi\u0107emo se segmentom zdravstvene za\u0161tite kod Roma. Kvalitetan pristup i direktan kontakt sa ciljnom grupom doprinije\u0107e kvalitetnijem pristupu zdrvastvene za\u0161tite i osiguranja, ali prije svega konkretnom rje\u0161avanju pojedinih problema kao \u0161to je imunizacija djece, problem koji se pretapa u dogmu zbog neopravdanih sumnja<\/p>\n\t\t<\/div>\n\t\t\t\t\t\t\t\n\t\t<a href=\"https:\/\/otaharin.org\/?p=797\" class=\"bdt-post-grid-tab-readmore bdt-display-inline-block \">\n\t\t\tRead More\t\t\t\n\t\t\t<span class=\"bdt-button-icon-align-right\">\n\n\t\t\t\t\n\t\t\t<\/span>\n\t\t<\/a>\n\t\t\t\t\t\t<\/div>\n\t\t\t<\/div>\n\t\t<\/div>\n\t\t<\/dd>\n\t\t\t\t<dt>\n\t\t\t<div class=\"bdt-post-grid-tab-title\">Socijalna inkluzija kroz timske sportove i obrazovanjem<\/div>\t\t<\/dt>\n\t\t<dd>\t\t<div data-bdt-grid=\"\" class=\"bdt-post-grid-tab-item bdt-grid bdt-grid-collapse bdt-child-width-1-2@m bdt-post-grid-tab-item bdt-grid bdt-grid-collapse bdt-child-width-1-2@m bdt-post-grid-tab-item bdt-grid bdt-grid-collapse bdt-child-width-1-2@m bdt-post-grid-tab-item bdt-grid bdt-grid-collapse bdt-child-width-1-2@m bdt-post-grid-tab-item bdt-grid bdt-grid-collapse bdt-child-width-1-2@m bdt-post-grid-tab-item bdt-grid bdt-grid-collapse bdt-child-width-1-2@m bdt-post-grid-tab-item bdt-grid bdt-grid-collapse bdt-child-width-1-2@m bdt-post-grid-tab-item bdt-grid bdt-grid-collapse bdt-child-width-1-2@m bdt-post-grid-tab-item bdt-grid bdt-grid-collapse bdt-child-width-1-2@m bdt-post-grid-tab-item bdt-grid bdt-grid-collapse bdt-child-width-1-2@m bdt-post-grid-tab-item bdt-grid bdt-grid-collapse bdt-child-width-1-2@m bdt-post-grid-tab-item bdt-grid bdt-grid-collapse bdt-child-width-1-2@m bdt-post-grid-tab-item bdt-grid bdt-grid-collapse bdt-child-width-1-2@m bdt-post-grid-tab-item bdt-grid bdt-grid-collapse bdt-child-width-1-2@m bdt-post-grid-tab-item bdt-grid bdt-grid-collapse bdt-child-width-1-2@m bdt-post-grid-tab-item bdt-grid bdt-grid-collapse bdt-child-width-1-2@m bdt-post-grid-tab-item bdt-grid bdt-grid-collapse bdt-child-width-1-2@m\">\n\t\t\t\t\t\t\t\t\t\t\t\n\t\t\t\t\t\t<div class=\"bdt-post-grid-tab-image\">\n\t\t\t<div class=\"bdt-post-grid-tab-image-inner bdt-gt-mh bdt-cover-container\">\n\t\t\t\t<img decoding=\"async\" class=\"full\" src=\"https:\/\/otaharin.org\/wp-content\/uploads\/2022\/11\/d2c41031242005.560595bc6c8a5.jpg\" alt=\"Socijalna inkluzija kroz timske sportove i obrazovanjem\" >\n\t\t\t<\/div>\n\t\t<\/div>\n\t\t\t\t\t \t\t\n\t  \t\t<div class=\"bdt-post-grid-tab-desc\">\n\t  \t\t\t<div class=\"bdt-post-grid-desc-inner bdt-gt-mh\">\n\t\t\t\t\t\t\t<a href=\"https:\/\/otaharin.org\/?p=796\">\n\t\t\t<h3 class=\"bdt-post-grid-tab-item-title bdt-margin-remove\">\n\t\t\t\tSocijalna inkluzija kroz timske sportove i obrazovanjem\t\t\t<\/h3>\n\t\t<\/a>\n\t\t\n\t            \t\t\t\t\t\t\t<div class=\"bdt-post-grid-tab-meta bdt-subnav bdt-flex-middle bdt-margin-small-top\">\n\t\t\t\t\t\t\t<span class=\"bdt-post-grid-tab-author bdt-text-capitalize\">otah<\/span>\t\t\t\t\t\t\t<span class=\"bdt-post-grid-tab-date\">July 7, 2020<\/span>\t\t\t\t\t\t\t    <span class=\"bdt-post-grid-tab-category\">\n\n\t\t\t<a href=\"https:\/\/otaharin.org\/?cat=13\">Projekti<\/a>\t\t<\/span>\n\t\t\t\t\t\t\t\t\t<span><i class=\"ep-icon-bubble bdt-display-inline-block\" aria-hidden=\"true\"><\/i> 0<\/span>\t\t\t\t\t\t<\/div>\n\t\t\t\t\t\n\t\t\t\t\t\t\t<div class=\"bdt-post-grid-tab-excerpt\">\n\t\t\t<p>Projekat doprinosi dru\u0161tvenoj uklju\u010denosti romske djece i druge djece u riziku i podr\u017eava djecu da postignu svoj puni potencijala Specifi\u010dni ciljevi projekta su: unapre\u0111enje formalnog obrazovanja i dru\u0161tvenih vje\u0161tina djece, kroz fudbal roditelji prihvataju i primjenjuju standard pozitivnog roditeljstva unapre\u0111ene finansijska odr\u017eivost projekta Ovaj projekat<\/p>\n\t\t<\/div>\n\t\t\t\t\t\t\t\n\t\t<a href=\"https:\/\/otaharin.org\/?p=796\" class=\"bdt-post-grid-tab-readmore bdt-display-inline-block \">\n\t\t\tRead More\t\t\t\n\t\t\t<span class=\"bdt-button-icon-align-right\">\n\n\t\t\t\t\n\t\t\t<\/span>\n\t\t<\/a>\n\t\t\t\t\t\t<\/div>\n\t\t\t<\/div>\n\t\t<\/div>\n\t\t<\/dd>\n\t\t\n\t\t\t<\/dl>\n\t\t<\/div>\n\t\t\t\t<\/div>\n\t\t\t\t<\/div>\n\t\t\t\t\t<\/div>\n\t\t<\/div>\n\t\t\t\t\t\t\t<\/div>\n\t\t<\/section>\n\t\t\t\t\t\t\t<\/div>\n\t\t","protected":false},"excerpt":{"rendered":"<p>\u201cSystematic improvement of the social services in Bijeljina\u201d (IRIS MRE\u017dA) \u201cSystematic improvement of the social services in Bijeljina\u201d (IRIS MRE\u017dA) otah November 21, 2022 Projekti 0 Cilj projekta je da, socijalno ranjive grupe, imaju bolji pristup socijalnim uslugama, gdje su one dostupne prvenstveno na lokalnom nivou, \u0161to je dirktno vezano i za stvaranja, promociju i [&hellip;]<\/p>\n","protected":false},"author":1,"featured_media":0,"parent":0,"menu_order":0,"comment_status":"closed","ping_status":"closed","template":"","meta":{"footnotes":""},"class_list":["post-67","page","type-page","status-publish","hentry"],"_links":{"self":[{"href":"https:\/\/otaharin.org\/index.php?rest_route=\/wp\/v2\/pages\/67","targetHints":{"allow":["GET"]}}],"collection":[{"href":"https:\/\/otaharin.org\/index.php?rest_route=\/wp\/v2\/pages"}],"about":[{"href":"https:\/\/otaharin.org\/index.php?rest_route=\/wp\/v2\/types\/page"}],"author":[{"embeddable":true,"href":"https:\/\/otaharin.org\/index.php?rest_route=\/wp\/v2\/users\/1"}],"replies":[{"embeddable":true,"href":"https:\/\/otaharin.org\/index.php?rest_route=%2Fwp%2Fv2%2Fcomments&post=67"}],"version-history":[{"count":32,"href":"https:\/\/otaharin.org\/index.php?rest_route=\/wp\/v2\/pages\/67\/revisions"}],"predecessor-version":[{"id":1404,"href":"https:\/\/otaharin.org\/index.php?rest_route=\/wp\/v2\/pages\/67\/revisions\/1404"}],"wp:attachment":[{"href":"https:\/\/otaharin.org\/index.php?rest_route=%2Fwp%2Fv2%2Fmedia&parent=67"}],"curies":[{"name":"wp","href":"https:\/\/api.w.org\/{rel}","templated":true}]}}